{"id":2416,"date":"2021-07-27T12:34:25","date_gmt":"2021-07-27T10:34:25","guid":{"rendered":"https:\/\/www.hotelfloridiana.it\/limitazioni-al-traffico-per-ztl-o-eventi\/"},"modified":"2026-04-07T23:04:46","modified_gmt":"2026-04-07T21:04:46","slug":"limitazioni-al-traffico-per-ztl-o-eventi","status":"publish","type":"page","link":"https:\/\/www.hotelfloridiana.it\/de\/limitazioni-al-traffico-per-ztl-o-eventi\/","title":{"rendered":"Verkehrsbeschr\u00e4nkungen f\u00fcr ZTL oder  Veranstaltungen"},"content":{"rendered":"<p>Wenn Sie mit dem Auto anreisen m\u00f6chten, bitten wir Sie, die geltenden Vorschriften f\u00fcr die verkehrsberuhigte Zone (ZTL) von M\u00e4rz bis Anfang November sowie vom 8. bis 10. Dezember 2026 zu beachten.<\/p>\n<p><strong>FUSSG\u00c4NGERZONE<\/strong><\/p>\n<p><strong>NO 1. EINFAHRT bei der Ankunft<\/strong><br \/>\n<strong>Schulbeginn<\/strong><\/p>\n<p>von 7:45 bis 8:30<br \/>\nvon 13:00 bis 13:45<br \/>\nvon 13:50 bis 14:10<br \/>\nvon 15:55 bis 16: 20<\/p>\n<p><strong><u><b>OK<\/b><\/u><\/strong><strong><u><b> 1. EINFAHRT bei der Ankunft<\/b><\/u><\/strong><\/p>\n<p><strong>T\u00c4GLISCH <\/strong><\/p>\n<p><strong><b>von 11:10\u00a0 bis 11:50<\/b><\/strong><\/p>\n<p><strong><b>von 12:10\u00a0 bis 12:50<\/b><\/strong><\/p>\n<p><strong><b>von 14:15\u00a0 bis 14:50<\/b><\/strong><\/p>\n<p><strong><b>von 15:10\u00a0 bis 15:50<\/b><\/strong><\/p>\n<p>F\u00fcr weitere Informationen konsultieren Sie bitte die <a href=\"https:\/\/www.hotelfloridiana.it\/wp-content\/uploads\/2026\/04\/SITO-ZTL-ORARI-ISOLA-PEDONALE-DEUTSCH-NO-primo-Accesso-SCUOLA-14.04.25.pdf\"><strong>folgende Tabelle<\/strong><\/a><\/p>\n<p>&nbsp;<\/p>\n<hr \/>\n<p>Deshalb, wenn Sie mit dem Auto anreisen (bitte via e-mail mitteilen wenn Sie mit dem Auto sind), organisieren Ihre Reise entsprechend.<\/p>\n<p>Auch <u>w\u00e4hrend Ihres Aufenthaltes<\/u> in Amalfi, Sie m\u00fcssen sich bewusst sein, die Einschr\u00e4nkungen Zeiten (alle) und organisieren Ihre Reise entsprechend.<\/p>\n<p>Das Fahrzeug darf von 12:00 Uhr der Anreisetag bis 12:00 der Abreisetag im historische Zentrum (ZTL) fahren.<\/p>\n<p>Wir empfehlen Ihnen, einen Tag vor Ihrer Ankunft auf unserer Website <a href=\"http:\/\/www.hotelfloridiana.it\">www.hotelfloridiana.it<\/a>\u00a0 alle Aktualisierungen zu Verkehrssperrungen zu kontrollierren.<\/p>\n<p>Beim Ankunft k\u00f6nnte es n\u00f6tig,den Polizisten eine Kopie Ihre Reservierung vorzuzeigen, die der Tag der Ankunft in Amalfi best\u00e4tigt.<\/p>\n<p>Es sollte auch beachtet werden, dass der Verkehr von\u00a012:00 Uhr am\u00a0Ankunftstag in Amalfi bis\u00a012:00 Uhr am\u00a0Abreisetag erlaubt ist.<\/p>\n<p>Garage ist im Zimmerpreis inbegriffen und steht ab\u00a012:00 Uhr am\u00a0Anreisetag in Amalfi bis\u00a012:00 Uhr am\u00a0Abreisetag zur Verf\u00fcgung.<\/p>\n","protected":false},"excerpt":{"rendered":"<p>Wenn Sie mit dem Auto anreisen m\u00f6chten, bitten wir Sie, die geltenden Vorschriften f\u00fcr die verkehrsberuhigte Zone (ZTL) von M\u00e4rz bis Anfang November sowie vom 8. bis 10. Dezember 2026 zu beachten. FUSSG\u00c4NGERZONE NO 1. EINFAHRT bei der Ankunft Schulbeginn von 7:45 bis 8:30 von 13:00 bis 13:45 von 13:50 bis 14:10 von 15:55 bis [&hellip;]<\/p>\n","protected":false},"author":1,"featured_media":0,"parent":0,"menu_order":0,"comment_status":"closed","ping_status":"closed","template":"","meta":{"footnotes":""},"yoast_head":"<!-- This site is optimized with the Yoast SEO plugin v23.5 - https:\/\/yoast.com\/wordpress\/plugins\/seo\/ -->\n<title>Verkehrsbeschr\u00e4nkungen f\u00fcr ZTL oder Veranstaltungen - Hotel Floridiana Amalfi<\/title>\n<meta name=\"robots\" content=\"index, follow, max-snippet:-1, max-image-preview:large, max-video-preview:-1\" \/>\n<link rel=\"canonical\" href=\"https:\/\/www.hotelfloridiana.it\/de\/limitazioni-al-traffico-per-ztl-o-eventi\/\" \/>\n<meta property=\"og:locale\" content=\"de_DE\" \/>\n<meta property=\"og:type\" content=\"article\" \/>\n<meta property=\"og:title\" content=\"Verkehrsbeschr\u00e4nkungen f\u00fcr ZTL oder Veranstaltungen - Hotel Floridiana Amalfi\" \/>\n<meta property=\"og:description\" content=\"Wenn Sie mit dem Auto anreisen m\u00f6chten, bitten wir Sie, die geltenden Vorschriften f\u00fcr die verkehrsberuhigte Zone (ZTL) von M\u00e4rz bis Anfang November sowie vom 8. bis 10. Dezember 2026 zu beachten. FUSSG\u00c4NGERZONE NO 1. EINFAHRT bei der Ankunft Schulbeginn von 7:45 bis 8:30 von 13:00 bis 13:45 von 13:50 bis 14:10 von 15:55 bis [&hellip;]\" \/>\n<meta property=\"og:url\" content=\"https:\/\/www.hotelfloridiana.it\/de\/limitazioni-al-traffico-per-ztl-o-eventi\/\" \/>\n<meta property=\"og:site_name\" content=\"Hotel Floridiana Amalfi\" \/>\n<meta property=\"article:modified_time\" content=\"2026-04-07T21:04:46+00:00\" \/>\n<meta name=\"twitter:card\" content=\"summary_large_image\" \/>\n<meta name=\"twitter:label1\" content=\"Gesch\u00e4tzte Lesezeit\" \/>\n\t<meta name=\"twitter:data1\" content=\"2\u00a0Minuten\" \/>\n<script type=\"application\/ld+json\" class=\"yoast-schema-graph\">{\"@context\":\"https:\/\/schema.org\",\"@graph\":[{\"@type\":\"WebPage\",\"@id\":\"https:\/\/www.hotelfloridiana.it\/de\/limitazioni-al-traffico-per-ztl-o-eventi\/\",\"url\":\"https:\/\/www.hotelfloridiana.it\/de\/limitazioni-al-traffico-per-ztl-o-eventi\/\",\"name\":\"Verkehrsbeschr\u00e4nkungen f\u00fcr ZTL oder Veranstaltungen - Hotel Floridiana Amalfi\",\"isPartOf\":{\"@id\":\"https:\/\/www.hotelfloridiana.it\/de\/#website\"},\"datePublished\":\"2021-07-27T10:34:25+00:00\",\"dateModified\":\"2026-04-07T21:04:46+00:00\",\"breadcrumb\":{\"@id\":\"https:\/\/www.hotelfloridiana.it\/de\/limitazioni-al-traffico-per-ztl-o-eventi\/#breadcrumb\"},\"inLanguage\":\"de\",\"potentialAction\":[{\"@type\":\"ReadAction\",\"target\":[\"https:\/\/www.hotelfloridiana.it\/de\/limitazioni-al-traffico-per-ztl-o-eventi\/\"]}]},{\"@type\":\"BreadcrumbList\",\"@id\":\"https:\/\/www.hotelfloridiana.it\/de\/limitazioni-al-traffico-per-ztl-o-eventi\/#breadcrumb\",\"itemListElement\":[{\"@type\":\"ListItem\",\"position\":1,\"name\":\"Home\",\"item\":\"https:\/\/www.hotelfloridiana.it\/de\/\"},{\"@type\":\"ListItem\",\"position\":2,\"name\":\"Verkehrsbeschr\u00e4nkungen f\u00fcr ZTL oder Veranstaltungen\"}]},{\"@type\":\"WebSite\",\"@id\":\"https:\/\/www.hotelfloridiana.it\/de\/#website\",\"url\":\"https:\/\/www.hotelfloridiana.it\/de\/\",\"name\":\"Hotel Floridiana Amalfi\",\"description\":\"Your Hotel in Amalfi\",\"publisher\":{\"@id\":\"https:\/\/www.hotelfloridiana.it\/de\/#organization\"},\"potentialAction\":[{\"@type\":\"SearchAction\",\"target\":{\"@type\":\"EntryPoint\",\"urlTemplate\":\"https:\/\/www.hotelfloridiana.it\/de\/?s={search_term_string}\"},\"query-input\":{\"@type\":\"PropertyValueSpecification\",\"valueRequired\":true,\"valueName\":\"search_term_string\"}}],\"inLanguage\":\"de\"},{\"@type\":\"Organization\",\"@id\":\"https:\/\/www.hotelfloridiana.it\/de\/#organization\",\"name\":\"Hotel Floridiana Amalfi\",\"url\":\"https:\/\/www.hotelfloridiana.it\/de\/\",\"logo\":{\"@type\":\"ImageObject\",\"inLanguage\":\"de\",\"@id\":\"https:\/\/www.hotelfloridiana.it\/de\/#\/schema\/logo\/image\/\",\"url\":\"https:\/\/www.hotelfloridiana.it\/wp-content\/uploads\/2018\/10\/hotel-floridiana-amalfi.png\",\"contentUrl\":\"https:\/\/www.hotelfloridiana.it\/wp-content\/uploads\/2018\/10\/hotel-floridiana-amalfi.png\",\"width\":640,\"height\":190,\"caption\":\"Hotel Floridiana Amalfi\"},\"image\":{\"@id\":\"https:\/\/www.hotelfloridiana.it\/de\/#\/schema\/logo\/image\/\"}}]}<\/script>\n<!-- \/ Yoast SEO plugin. -->","yoast_head_json":{"title":"Verkehrsbeschr\u00e4nkungen f\u00fcr ZTL oder Veranstaltungen - Hotel Floridiana Amalfi","robots":{"index":"index","follow":"follow","max-snippet":"max-snippet:-1","max-image-preview":"max-image-preview:large","max-video-preview":"max-video-preview:-1"},"canonical":"https:\/\/www.hotelfloridiana.it\/de\/limitazioni-al-traffico-per-ztl-o-eventi\/","og_locale":"de_DE","og_type":"article","og_title":"Verkehrsbeschr\u00e4nkungen f\u00fcr ZTL oder Veranstaltungen - Hotel Floridiana Amalfi","og_description":"Wenn Sie mit dem Auto anreisen m\u00f6chten, bitten wir Sie, die geltenden Vorschriften f\u00fcr die verkehrsberuhigte Zone (ZTL) von M\u00e4rz bis Anfang November sowie vom 8. bis 10. Dezember 2026 zu beachten. FUSSG\u00c4NGERZONE NO 1. EINFAHRT bei der Ankunft Schulbeginn von 7:45 bis 8:30 von 13:00 bis 13:45 von 13:50 bis 14:10 von 15:55 bis [&hellip;]","og_url":"https:\/\/www.hotelfloridiana.it\/de\/limitazioni-al-traffico-per-ztl-o-eventi\/","og_site_name":"Hotel Floridiana Amalfi","article_modified_time":"2026-04-07T21:04:46+00:00","twitter_card":"summary_large_image","twitter_misc":{"Gesch\u00e4tzte Lesezeit":"2\u00a0Minuten"},"schema":{"@context":"https:\/\/schema.org","@graph":[{"@type":"WebPage","@id":"https:\/\/www.hotelfloridiana.it\/de\/limitazioni-al-traffico-per-ztl-o-eventi\/","url":"https:\/\/www.hotelfloridiana.it\/de\/limitazioni-al-traffico-per-ztl-o-eventi\/","name":"Verkehrsbeschr\u00e4nkungen f\u00fcr ZTL oder Veranstaltungen - Hotel Floridiana Amalfi","isPartOf":{"@id":"https:\/\/www.hotelfloridiana.it\/de\/#website"},"datePublished":"2021-07-27T10:34:25+00:00","dateModified":"2026-04-07T21:04:46+00:00","breadcrumb":{"@id":"https:\/\/www.hotelfloridiana.it\/de\/limitazioni-al-traffico-per-ztl-o-eventi\/#breadcrumb"},"inLanguage":"de","potentialAction":[{"@type":"ReadAction","target":["https:\/\/www.hotelfloridiana.it\/de\/limitazioni-al-traffico-per-ztl-o-eventi\/"]}]},{"@type":"BreadcrumbList","@id":"https:\/\/www.hotelfloridiana.it\/de\/limitazioni-al-traffico-per-ztl-o-eventi\/#breadcrumb","itemListElement":[{"@type":"ListItem","position":1,"name":"Home","item":"https:\/\/www.hotelfloridiana.it\/de\/"},{"@type":"ListItem","position":2,"name":"Verkehrsbeschr\u00e4nkungen f\u00fcr ZTL oder Veranstaltungen"}]},{"@type":"WebSite","@id":"https:\/\/www.hotelfloridiana.it\/de\/#website","url":"https:\/\/www.hotelfloridiana.it\/de\/","name":"Hotel Floridiana Amalfi","description":"Your Hotel in Amalfi","publisher":{"@id":"https:\/\/www.hotelfloridiana.it\/de\/#organization"},"potentialAction":[{"@type":"SearchAction","target":{"@type":"EntryPoint","urlTemplate":"https:\/\/www.hotelfloridiana.it\/de\/?s={search_term_string}"},"query-input":{"@type":"PropertyValueSpecification","valueRequired":true,"valueName":"search_term_string"}}],"inLanguage":"de"},{"@type":"Organization","@id":"https:\/\/www.hotelfloridiana.it\/de\/#organization","name":"Hotel Floridiana Amalfi","url":"https:\/\/www.hotelfloridiana.it\/de\/","logo":{"@type":"ImageObject","inLanguage":"de","@id":"https:\/\/www.hotelfloridiana.it\/de\/#\/schema\/logo\/image\/","url":"https:\/\/www.hotelfloridiana.it\/wp-content\/uploads\/2018\/10\/hotel-floridiana-amalfi.png","contentUrl":"https:\/\/www.hotelfloridiana.it\/wp-content\/uploads\/2018\/10\/hotel-floridiana-amalfi.png","width":640,"height":190,"caption":"Hotel Floridiana Amalfi"},"image":{"@id":"https:\/\/www.hotelfloridiana.it\/de\/#\/schema\/logo\/image\/"}}]}},"_links":{"self":[{"href":"https:\/\/www.hotelfloridiana.it\/de\/wp-json\/wp\/v2\/pages\/2416"}],"collection":[{"href":"https:\/\/www.hotelfloridiana.it\/de\/wp-json\/wp\/v2\/pages"}],"about":[{"href":"https:\/\/www.hotelfloridiana.it\/de\/wp-json\/wp\/v2\/types\/page"}],"author":[{"embeddable":true,"href":"https:\/\/www.hotelfloridiana.it\/de\/wp-json\/wp\/v2\/users\/1"}],"replies":[{"embeddable":true,"href":"https:\/\/www.hotelfloridiana.it\/de\/wp-json\/wp\/v2\/comments?post=2416"}],"version-history":[{"count":36,"href":"https:\/\/www.hotelfloridiana.it\/de\/wp-json\/wp\/v2\/pages\/2416\/revisions"}],"predecessor-version":[{"id":3900,"href":"https:\/\/www.hotelfloridiana.it\/de\/wp-json\/wp\/v2\/pages\/2416\/revisions\/3900"}],"wp:attachment":[{"href":"https:\/\/www.hotelfloridiana.it\/de\/wp-json\/wp\/v2\/media?parent=2416"}],"curies":[{"name":"wp","href":"https:\/\/api.w.org\/{rel}","templated":true}]}}