{"id":1065,"date":"2019-05-28T12:28:11","date_gmt":"2019-05-28T10:28:11","guid":{"rendered":"https:\/\/www.hotelfloridiana.it\/die-terrasse\/"},"modified":"2020-06-09T16:08:40","modified_gmt":"2020-06-09T14:08:40","slug":"die-terrasse","status":"publish","type":"page","link":"https:\/\/www.hotelfloridiana.it\/de\/die-terrasse\/","title":{"rendered":"Die terrasse"},"content":{"rendered":"<div id='gallery-1' class='gallery galleryid-1065 gallery-columns-2 gallery-size-large'><figure class='gallery-item'>\n\t\t\t<div class='gallery-icon landscape'>\n\t\t\t\t<a href='https:\/\/www.hotelfloridiana.it\/wp-content\/uploads\/2019\/10\/terrazzo05.jpg' data-lightbox=\"gal[1065]\"><img fetchpriority=\"high\" decoding=\"async\" width=\"850\" height=\"567\" src=\"https:\/\/www.hotelfloridiana.it\/wp-content\/uploads\/2019\/10\/terrazzo05-1024x683.jpg\" class=\"attachment-large size-large\" alt=\"\" srcset=\"https:\/\/www.hotelfloridiana.it\/wp-content\/uploads\/2019\/10\/terrazzo05-1024x683.jpg 1024w, https:\/\/www.hotelfloridiana.it\/wp-content\/uploads\/2019\/10\/terrazzo05-300x200.jpg 300w, https:\/\/www.hotelfloridiana.it\/wp-content\/uploads\/2019\/10\/terrazzo05-768x512.jpg 768w, https:\/\/www.hotelfloridiana.it\/wp-content\/uploads\/2019\/10\/terrazzo05-850x567.jpg 850w, https:\/\/www.hotelfloridiana.it\/wp-content\/uploads\/2019\/10\/terrazzo05-555x370.jpg 555w, https:\/\/www.hotelfloridiana.it\/wp-content\/uploads\/2019\/10\/terrazzo05.jpg 1920w\" sizes=\"(max-width: 850px) 100vw, 850px\" \/><\/a>\n\t\t\t<\/div><\/figure><figure class='gallery-item'>\n\t\t\t<div class='gallery-icon landscape'>\n\t\t\t\t<a href='https:\/\/www.hotelfloridiana.it\/wp-content\/uploads\/2019\/10\/terrazzo03.jpg' data-lightbox=\"gal[1065]\"><img decoding=\"async\" width=\"850\" height=\"567\" src=\"https:\/\/www.hotelfloridiana.it\/wp-content\/uploads\/2019\/10\/terrazzo03-1024x683.jpg\" class=\"attachment-large size-large\" alt=\"\" srcset=\"https:\/\/www.hotelfloridiana.it\/wp-content\/uploads\/2019\/10\/terrazzo03-1024x683.jpg 1024w, https:\/\/www.hotelfloridiana.it\/wp-content\/uploads\/2019\/10\/terrazzo03-300x200.jpg 300w, https:\/\/www.hotelfloridiana.it\/wp-content\/uploads\/2019\/10\/terrazzo03-768x512.jpg 768w, https:\/\/www.hotelfloridiana.it\/wp-content\/uploads\/2019\/10\/terrazzo03-850x567.jpg 850w, https:\/\/www.hotelfloridiana.it\/wp-content\/uploads\/2019\/10\/terrazzo03-555x370.jpg 555w, https:\/\/www.hotelfloridiana.it\/wp-content\/uploads\/2019\/10\/terrazzo03.jpg 1920w\" sizes=\"(max-width: 850px) 100vw, 850px\" \/><\/a>\n\t\t\t<\/div><\/figure><figure class='gallery-item'>\n\t\t\t<div class='gallery-icon landscape'>\n\t\t\t\t<a href='https:\/\/www.hotelfloridiana.it\/wp-content\/uploads\/2019\/10\/terrazzo01.jpg' data-lightbox=\"gal[1065]\"><img decoding=\"async\" width=\"850\" height=\"567\" src=\"https:\/\/www.hotelfloridiana.it\/wp-content\/uploads\/2019\/10\/terrazzo01-1024x683.jpg\" class=\"attachment-large size-large\" alt=\"\" srcset=\"https:\/\/www.hotelfloridiana.it\/wp-content\/uploads\/2019\/10\/terrazzo01-1024x683.jpg 1024w, https:\/\/www.hotelfloridiana.it\/wp-content\/uploads\/2019\/10\/terrazzo01-300x200.jpg 300w, https:\/\/www.hotelfloridiana.it\/wp-content\/uploads\/2019\/10\/terrazzo01-768x512.jpg 768w, https:\/\/www.hotelfloridiana.it\/wp-content\/uploads\/2019\/10\/terrazzo01-850x567.jpg 850w, https:\/\/www.hotelfloridiana.it\/wp-content\/uploads\/2019\/10\/terrazzo01-555x370.jpg 555w, https:\/\/www.hotelfloridiana.it\/wp-content\/uploads\/2019\/10\/terrazzo01.jpg 1920w\" sizes=\"(max-width: 850px) 100vw, 850px\" \/><\/a>\n\t\t\t<\/div><\/figure><figure class='gallery-item'>\n\t\t\t<div class='gallery-icon landscape'>\n\t\t\t\t<a href='https:\/\/www.hotelfloridiana.it\/wp-content\/uploads\/2019\/10\/terrazzo06.jpg' data-lightbox=\"gal[1065]\"><img loading=\"lazy\" decoding=\"async\" width=\"850\" height=\"567\" src=\"https:\/\/www.hotelfloridiana.it\/wp-content\/uploads\/2019\/10\/terrazzo06-1024x683.jpg\" class=\"attachment-large size-large\" alt=\"\" srcset=\"https:\/\/www.hotelfloridiana.it\/wp-content\/uploads\/2019\/10\/terrazzo06-1024x683.jpg 1024w, https:\/\/www.hotelfloridiana.it\/wp-content\/uploads\/2019\/10\/terrazzo06-300x200.jpg 300w, https:\/\/www.hotelfloridiana.it\/wp-content\/uploads\/2019\/10\/terrazzo06-768x512.jpg 768w, https:\/\/www.hotelfloridiana.it\/wp-content\/uploads\/2019\/10\/terrazzo06-850x567.jpg 850w, https:\/\/www.hotelfloridiana.it\/wp-content\/uploads\/2019\/10\/terrazzo06-555x370.jpg 555w, https:\/\/www.hotelfloridiana.it\/wp-content\/uploads\/2019\/10\/terrazzo06.jpg 1920w\" sizes=\"(max-width: 850px) 100vw, 850px\" \/><\/a>\n\t\t\t<\/div><\/figure><figure class='gallery-item'>\n\t\t\t<div class='gallery-icon landscape'>\n\t\t\t\t<a href='https:\/\/www.hotelfloridiana.it\/wp-content\/uploads\/2019\/10\/terrazzo04.jpg' data-lightbox=\"gal[1065]\"><img loading=\"lazy\" decoding=\"async\" width=\"850\" height=\"567\" src=\"https:\/\/www.hotelfloridiana.it\/wp-content\/uploads\/2019\/10\/terrazzo04-1024x683.jpg\" class=\"attachment-large size-large\" alt=\"\" srcset=\"https:\/\/www.hotelfloridiana.it\/wp-content\/uploads\/2019\/10\/terrazzo04-1024x683.jpg 1024w, https:\/\/www.hotelfloridiana.it\/wp-content\/uploads\/2019\/10\/terrazzo04-300x200.jpg 300w, https:\/\/www.hotelfloridiana.it\/wp-content\/uploads\/2019\/10\/terrazzo04-768x512.jpg 768w, https:\/\/www.hotelfloridiana.it\/wp-content\/uploads\/2019\/10\/terrazzo04-850x567.jpg 850w, https:\/\/www.hotelfloridiana.it\/wp-content\/uploads\/2019\/10\/terrazzo04-555x370.jpg 555w, https:\/\/www.hotelfloridiana.it\/wp-content\/uploads\/2019\/10\/terrazzo04.jpg 1920w\" sizes=\"(max-width: 850px) 100vw, 850px\" \/><\/a>\n\t\t\t<\/div><\/figure><figure class='gallery-item'>\n\t\t\t<div class='gallery-icon landscape'>\n\t\t\t\t<a href='https:\/\/www.hotelfloridiana.it\/wp-content\/uploads\/2019\/10\/terrazzo02.jpg' data-lightbox=\"gal[1065]\"><img loading=\"lazy\" decoding=\"async\" width=\"850\" height=\"567\" src=\"https:\/\/www.hotelfloridiana.it\/wp-content\/uploads\/2019\/10\/terrazzo02-1024x683.jpg\" class=\"attachment-large size-large\" alt=\"\" srcset=\"https:\/\/www.hotelfloridiana.it\/wp-content\/uploads\/2019\/10\/terrazzo02-1024x683.jpg 1024w, https:\/\/www.hotelfloridiana.it\/wp-content\/uploads\/2019\/10\/terrazzo02-300x200.jpg 300w, https:\/\/www.hotelfloridiana.it\/wp-content\/uploads\/2019\/10\/terrazzo02-768x512.jpg 768w, https:\/\/www.hotelfloridiana.it\/wp-content\/uploads\/2019\/10\/terrazzo02-850x567.jpg 850w, https:\/\/www.hotelfloridiana.it\/wp-content\/uploads\/2019\/10\/terrazzo02-555x370.jpg 555w, https:\/\/www.hotelfloridiana.it\/wp-content\/uploads\/2019\/10\/terrazzo02.jpg 1920w\" sizes=\"(max-width: 850px) 100vw, 850px\" \/><\/a>\n\t\t\t<\/div><\/figure>\n\t\t<\/div>\n\n<p lang=\"de-DE\">Liebe G\u00e4ste, aus technischen Gr\u00fcnden und zum Schutz Ihrer Sicherheit, vor allem bei schlechten Wetter, behalten wir uns das Recht vor, den Zugang zur Terrasse und die Nutzung des Whirlpools zu beschr\u00e4nken. <strong>Reservierung ist erforderlich<\/strong><br \/>\nVielen Dank f\u00fcr Ihr Verst\u00e4ndnis.<\/p>\n","protected":false},"excerpt":{"rendered":"<p>Liebe G\u00e4ste, aus technischen Gr\u00fcnden und zum Schutz Ihrer Sicherheit, vor allem bei schlechten Wetter, behalten wir uns das Recht vor, den Zugang zur Terrasse und die Nutzung des Whirlpools zu beschr\u00e4nken. Reservierung ist erforderlich Vielen Dank f\u00fcr Ihr Verst\u00e4ndnis.<\/p>\n","protected":false},"author":1,"featured_media":0,"parent":0,"menu_order":0,"comment_status":"closed","ping_status":"closed","template":"","meta":{"footnotes":""},"yoast_head":"<!-- This site is optimized with the Yoast SEO plugin v23.5 - https:\/\/yoast.com\/wordpress\/plugins\/seo\/ -->\n<title>Die terrasse - Hotel Floridiana Amalfi<\/title>\n<meta name=\"robots\" content=\"index, follow, max-snippet:-1, max-image-preview:large, max-video-preview:-1\" \/>\n<link rel=\"canonical\" href=\"https:\/\/www.hotelfloridiana.it\/de\/die-terrasse\/\" \/>\n<meta property=\"og:locale\" content=\"de_DE\" \/>\n<meta property=\"og:type\" content=\"article\" \/>\n<meta property=\"og:title\" content=\"Die terrasse - Hotel Floridiana Amalfi\" \/>\n<meta property=\"og:description\" content=\"Liebe G\u00e4ste, aus technischen Gr\u00fcnden und zum Schutz Ihrer Sicherheit, vor allem bei schlechten Wetter, behalten wir uns das Recht vor, den Zugang zur Terrasse und die Nutzung des Whirlpools zu beschr\u00e4nken. Reservierung ist erforderlich Vielen Dank f\u00fcr Ihr Verst\u00e4ndnis.\" \/>\n<meta property=\"og:url\" content=\"https:\/\/www.hotelfloridiana.it\/de\/die-terrasse\/\" \/>\n<meta property=\"og:site_name\" content=\"Hotel Floridiana Amalfi\" \/>\n<meta property=\"article:modified_time\" content=\"2020-06-09T14:08:40+00:00\" \/>\n<meta property=\"og:image\" content=\"https:\/\/www.hotelfloridiana.it\/wp-content\/uploads\/2019\/10\/terrazzo05-1024x683.jpg\" \/>\n<meta name=\"twitter:card\" content=\"summary_large_image\" \/>\n<script type=\"application\/ld+json\" class=\"yoast-schema-graph\">{\"@context\":\"https:\/\/schema.org\",\"@graph\":[{\"@type\":\"WebPage\",\"@id\":\"https:\/\/www.hotelfloridiana.it\/de\/die-terrasse\/\",\"url\":\"https:\/\/www.hotelfloridiana.it\/de\/die-terrasse\/\",\"name\":\"Die terrasse - Hotel Floridiana Amalfi\",\"isPartOf\":{\"@id\":\"https:\/\/www.hotelfloridiana.it\/de\/#website\"},\"datePublished\":\"2019-05-28T10:28:11+00:00\",\"dateModified\":\"2020-06-09T14:08:40+00:00\",\"breadcrumb\":{\"@id\":\"https:\/\/www.hotelfloridiana.it\/de\/die-terrasse\/#breadcrumb\"},\"inLanguage\":\"de\",\"potentialAction\":[{\"@type\":\"ReadAction\",\"target\":[\"https:\/\/www.hotelfloridiana.it\/de\/die-terrasse\/\"]}]},{\"@type\":\"BreadcrumbList\",\"@id\":\"https:\/\/www.hotelfloridiana.it\/de\/die-terrasse\/#breadcrumb\",\"itemListElement\":[{\"@type\":\"ListItem\",\"position\":1,\"name\":\"Home\",\"item\":\"https:\/\/www.hotelfloridiana.it\/de\/\"},{\"@type\":\"ListItem\",\"position\":2,\"name\":\"Die terrasse\"}]},{\"@type\":\"WebSite\",\"@id\":\"https:\/\/www.hotelfloridiana.it\/de\/#website\",\"url\":\"https:\/\/www.hotelfloridiana.it\/de\/\",\"name\":\"Hotel Floridiana Amalfi\",\"description\":\"Your Hotel in Amalfi\",\"publisher\":{\"@id\":\"https:\/\/www.hotelfloridiana.it\/de\/#organization\"},\"potentialAction\":[{\"@type\":\"SearchAction\",\"target\":{\"@type\":\"EntryPoint\",\"urlTemplate\":\"https:\/\/www.hotelfloridiana.it\/de\/?s={search_term_string}\"},\"query-input\":{\"@type\":\"PropertyValueSpecification\",\"valueRequired\":true,\"valueName\":\"search_term_string\"}}],\"inLanguage\":\"de\"},{\"@type\":\"Organization\",\"@id\":\"https:\/\/www.hotelfloridiana.it\/de\/#organization\",\"name\":\"Hotel Floridiana Amalfi\",\"url\":\"https:\/\/www.hotelfloridiana.it\/de\/\",\"logo\":{\"@type\":\"ImageObject\",\"inLanguage\":\"de\",\"@id\":\"https:\/\/www.hotelfloridiana.it\/de\/#\/schema\/logo\/image\/\",\"url\":\"https:\/\/www.hotelfloridiana.it\/wp-content\/uploads\/2018\/10\/hotel-floridiana-amalfi.png\",\"contentUrl\":\"https:\/\/www.hotelfloridiana.it\/wp-content\/uploads\/2018\/10\/hotel-floridiana-amalfi.png\",\"width\":640,\"height\":190,\"caption\":\"Hotel Floridiana Amalfi\"},\"image\":{\"@id\":\"https:\/\/www.hotelfloridiana.it\/de\/#\/schema\/logo\/image\/\"}}]}<\/script>\n<!-- \/ Yoast SEO plugin. -->","yoast_head_json":{"title":"Die terrasse - Hotel Floridiana Amalfi","robots":{"index":"index","follow":"follow","max-snippet":"max-snippet:-1","max-image-preview":"max-image-preview:large","max-video-preview":"max-video-preview:-1"},"canonical":"https:\/\/www.hotelfloridiana.it\/de\/die-terrasse\/","og_locale":"de_DE","og_type":"article","og_title":"Die terrasse - Hotel Floridiana Amalfi","og_description":"Liebe G\u00e4ste, aus technischen Gr\u00fcnden und zum Schutz Ihrer Sicherheit, vor allem bei schlechten Wetter, behalten wir uns das Recht vor, den Zugang zur Terrasse und die Nutzung des Whirlpools zu beschr\u00e4nken. Reservierung ist erforderlich Vielen Dank f\u00fcr Ihr Verst\u00e4ndnis.","og_url":"https:\/\/www.hotelfloridiana.it\/de\/die-terrasse\/","og_site_name":"Hotel Floridiana Amalfi","article_modified_time":"2020-06-09T14:08:40+00:00","og_image":[{"url":"https:\/\/www.hotelfloridiana.it\/wp-content\/uploads\/2019\/10\/terrazzo05-1024x683.jpg"}],"twitter_card":"summary_large_image","schema":{"@context":"https:\/\/schema.org","@graph":[{"@type":"WebPage","@id":"https:\/\/www.hotelfloridiana.it\/de\/die-terrasse\/","url":"https:\/\/www.hotelfloridiana.it\/de\/die-terrasse\/","name":"Die terrasse - Hotel Floridiana Amalfi","isPartOf":{"@id":"https:\/\/www.hotelfloridiana.it\/de\/#website"},"datePublished":"2019-05-28T10:28:11+00:00","dateModified":"2020-06-09T14:08:40+00:00","breadcrumb":{"@id":"https:\/\/www.hotelfloridiana.it\/de\/die-terrasse\/#breadcrumb"},"inLanguage":"de","potentialAction":[{"@type":"ReadAction","target":["https:\/\/www.hotelfloridiana.it\/de\/die-terrasse\/"]}]},{"@type":"BreadcrumbList","@id":"https:\/\/www.hotelfloridiana.it\/de\/die-terrasse\/#breadcrumb","itemListElement":[{"@type":"ListItem","position":1,"name":"Home","item":"https:\/\/www.hotelfloridiana.it\/de\/"},{"@type":"ListItem","position":2,"name":"Die terrasse"}]},{"@type":"WebSite","@id":"https:\/\/www.hotelfloridiana.it\/de\/#website","url":"https:\/\/www.hotelfloridiana.it\/de\/","name":"Hotel Floridiana Amalfi","description":"Your Hotel in Amalfi","publisher":{"@id":"https:\/\/www.hotelfloridiana.it\/de\/#organization"},"potentialAction":[{"@type":"SearchAction","target":{"@type":"EntryPoint","urlTemplate":"https:\/\/www.hotelfloridiana.it\/de\/?s={search_term_string}"},"query-input":{"@type":"PropertyValueSpecification","valueRequired":true,"valueName":"search_term_string"}}],"inLanguage":"de"},{"@type":"Organization","@id":"https:\/\/www.hotelfloridiana.it\/de\/#organization","name":"Hotel Floridiana Amalfi","url":"https:\/\/www.hotelfloridiana.it\/de\/","logo":{"@type":"ImageObject","inLanguage":"de","@id":"https:\/\/www.hotelfloridiana.it\/de\/#\/schema\/logo\/image\/","url":"https:\/\/www.hotelfloridiana.it\/wp-content\/uploads\/2018\/10\/hotel-floridiana-amalfi.png","contentUrl":"https:\/\/www.hotelfloridiana.it\/wp-content\/uploads\/2018\/10\/hotel-floridiana-amalfi.png","width":640,"height":190,"caption":"Hotel Floridiana Amalfi"},"image":{"@id":"https:\/\/www.hotelfloridiana.it\/de\/#\/schema\/logo\/image\/"}}]}},"_links":{"self":[{"href":"https:\/\/www.hotelfloridiana.it\/de\/wp-json\/wp\/v2\/pages\/1065"}],"collection":[{"href":"https:\/\/www.hotelfloridiana.it\/de\/wp-json\/wp\/v2\/pages"}],"about":[{"href":"https:\/\/www.hotelfloridiana.it\/de\/wp-json\/wp\/v2\/types\/page"}],"author":[{"embeddable":true,"href":"https:\/\/www.hotelfloridiana.it\/de\/wp-json\/wp\/v2\/users\/1"}],"replies":[{"embeddable":true,"href":"https:\/\/www.hotelfloridiana.it\/de\/wp-json\/wp\/v2\/comments?post=1065"}],"version-history":[{"count":2,"href":"https:\/\/www.hotelfloridiana.it\/de\/wp-json\/wp\/v2\/pages\/1065\/revisions"}],"predecessor-version":[{"id":2144,"href":"https:\/\/www.hotelfloridiana.it\/de\/wp-json\/wp\/v2\/pages\/1065\/revisions\/2144"}],"wp:attachment":[{"href":"https:\/\/www.hotelfloridiana.it\/de\/wp-json\/wp\/v2\/media?parent=1065"}],"curies":[{"name":"wp","href":"https:\/\/api.w.org\/{rel}","templated":true}]}}